{"id":132,"date":"2017-03-28T23:47:28","date_gmt":"2017-03-28T21:47:28","guid":{"rendered":"http:\/\/checklerde.alfahosting.org\/aquarelle\/?page_id=132"},"modified":"2025-11-25T13:27:03","modified_gmt":"2025-11-25T12:27:03","slug":"malkurse-muenchen","status":"publish","type":"page","link":"https:\/\/ch-eckler.de\/aquarelle\/malkurse-muenchen\/","title":{"rendered":"Malkurse M\u00fcnchen"},"content":{"rendered":"<h1>MALKURSE IM ATELIER M\u00dcNCHEN<\/h1>\n<h4>JANUAr &#8211; AUGUST 2026<\/h4>\n<h1>Vom Foto zum Bild<\/h1>\n<p><img loading=\"lazy\" decoding=\"async\" class=\"alignnone wp-image-4574 size-medium\" src=\"https:\/\/ch-eckler.de\/aquarelle\/wp-content\/uploads\/47.2.00-300x213.jpg\" alt=\"\" width=\"300\" height=\"213\" srcset=\"https:\/\/ch-eckler.de\/aquarelle\/wp-content\/uploads\/47.2.00-300x213.jpg 300w, https:\/\/ch-eckler.de\/aquarelle\/wp-content\/uploads\/47.2.00.jpg 765w\" sizes=\"auto, (max-width: 300px) 85vw, 300px\" \/><img loading=\"lazy\" decoding=\"async\" class=\"alignnone wp-image-4576 size-medium\" src=\"https:\/\/ch-eckler.de\/aquarelle\/wp-content\/uploads\/47.2.01-300x218.jpg\" alt=\"\" width=\"300\" height=\"218\" srcset=\"https:\/\/ch-eckler.de\/aquarelle\/wp-content\/uploads\/47.2.01-300x218.jpg 300w, https:\/\/ch-eckler.de\/aquarelle\/wp-content\/uploads\/47.2.01.jpg 765w\" sizes=\"auto, (max-width: 300px) 85vw, 300px\" \/><img loading=\"lazy\" decoding=\"async\" class=\"alignnone wp-image-4577 size-medium\" src=\"https:\/\/ch-eckler.de\/aquarelle\/wp-content\/uploads\/47.2.02-300x217.jpg\" alt=\"\" width=\"300\" height=\"217\" srcset=\"https:\/\/ch-eckler.de\/aquarelle\/wp-content\/uploads\/47.2.02-300x217.jpg 300w, https:\/\/ch-eckler.de\/aquarelle\/wp-content\/uploads\/47.2.02.jpg 765w\" sizes=\"auto, (max-width: 300px) 85vw, 300px\" \/><\/p>\n<h2><\/h2>\n<p><img loading=\"lazy\" decoding=\"async\" class=\"alignnone wp-image-4578 size-medium\" src=\"https:\/\/ch-eckler.de\/aquarelle\/wp-content\/uploads\/47.2.03-300x217.jpg\" alt=\"\" width=\"300\" height=\"217\" srcset=\"https:\/\/ch-eckler.de\/aquarelle\/wp-content\/uploads\/47.2.03-300x217.jpg 300w, https:\/\/ch-eckler.de\/aquarelle\/wp-content\/uploads\/47.2.03.jpg 765w\" sizes=\"auto, (max-width: 300px) 85vw, 300px\" \/><img loading=\"lazy\" decoding=\"async\" class=\"alignnone wp-image-4579 size-medium\" src=\"https:\/\/ch-eckler.de\/aquarelle\/wp-content\/uploads\/47.2.04-300x220.jpg\" alt=\"\" width=\"300\" height=\"220\" srcset=\"https:\/\/ch-eckler.de\/aquarelle\/wp-content\/uploads\/47.2.04-300x220.jpg 300w, https:\/\/ch-eckler.de\/aquarelle\/wp-content\/uploads\/47.2.04.jpg 765w\" sizes=\"auto, (max-width: 300px) 85vw, 300px\" \/><img loading=\"lazy\" decoding=\"async\" class=\"alignnone wp-image-4580 size-medium\" src=\"https:\/\/ch-eckler.de\/aquarelle\/wp-content\/uploads\/47.2.05-300x223.jpg\" alt=\"\" width=\"300\" height=\"223\" srcset=\"https:\/\/ch-eckler.de\/aquarelle\/wp-content\/uploads\/47.2.05-300x223.jpg 300w, https:\/\/ch-eckler.de\/aquarelle\/wp-content\/uploads\/47.2.05.jpg 765w\" sizes=\"auto, (max-width: 300px) 85vw, 300px\" \/><\/p>\n<p>&nbsp;<\/p>\n<p>&nbsp;<\/p>\n<p>&nbsp;<\/p>\n<p>&nbsp;<\/p>\n<h2><\/h2>\n<h2>Ganztages-Malkurse: Mohr-Villa, M\u00fcnchen Freimann<\/h2>\n<p>Jeder Kurstag beginnt mit \u00dcbungen zu Farbe, Form und Pinselduktus. Die Arbeit an Motiven wird unterst\u00fctzt durch zahlreiche Beispiele. Zu Demonstrationszwecken greife ich auch immer wieder selbst zum Pinsel.<\/p>\n<table>\n<tbody>\n<tr>\n<td>Ort<\/td>\n<td><a href=\"http:\/\/mohr-villa.de\" target=\"_blank\" rel=\"noopener noreferrer\">Mohr-Villa<\/a>, Situlistr. 73-75, 80939 M\u00fcnchen<\/td>\n<td>U6 Freimann<\/td>\n<\/tr>\n<tr>\n<td><strong>Malkurs A<\/strong><\/td>\n<td>6 x Donnerstag\u00a0\u00a0\u00a0\u00a0 10 &#8211; 17 Uhr<br \/>\n15.01.- 19.03.2026<\/td>\n<td>380 \u20ac<\/p>\n<p>Anzahl. 130 \u20ac<\/td>\n<\/tr>\n<tr>\n<td><strong>Malkurs B<\/strong><\/td>\n<td>6 x Sonntag\u00a0\u00a0\u00a0\u00a0\u00a0\u00a0\u00a0\u00a0 10 &#8211; 17 Uhr<br \/>\n18.01.- 22.03.2025<\/td>\n<td>380 \u20ac<\/p>\n<p>Anzahl. 130 \u20ac<\/td>\n<\/tr>\n<\/tbody>\n<\/table>\n<h2>Online-Malkurse<\/h2>\n<p>N\u00e4heres dazu unter &#8222;Malkurse online&#8220;.<\/p>\n<p>&nbsp;<\/p>\n<p><strong>N\u00e4heres zum <a href=\"https:\/\/ch-eckler.de\/aquarelle\/wp-content\/uploads\/Programm-26.1.pdf\">Programm 26.1<\/a><\/strong><strong>\u00a0(PDF zum Ausdrucken und Downloaden) oder auf <\/strong><a href=\"http:\/\/ch-eckler.de\/aquarelle\/kontakt\/\"><strong>Anfrage<\/strong><\/a><\/p>\n<p>&nbsp;<\/p>\n<h4>Vorschau AUGUST &#8211; Dezember 2026<\/h4>\n<h2>Ganztages-Malkurse: Mohr-Villa, M\u00fcnchen-Freimann<\/h2>\n<table>\n<tbody>\n<tr>\n<td>Ort<\/td>\n<td><a href=\"http:\/\/mohr-villa.de\" target=\"_blank\" rel=\"noopener noreferrer\">Mohr-Villa<\/a>, Situlistr. 73-75, 80939 M\u00fcnchen<\/td>\n<td>U6 Freimann<\/td>\n<\/tr>\n<tr>\n<td><strong>Malkurs A<\/strong><\/td>\n<td>6 x Donnerstag\u00a0\u00a0\u00a0\u00a0 10 &#8211; 17 Uhr<br \/>\nBeginn: 31.09.2026<\/td>\n<td>380 \u20ac<\/p>\n<p>Anzahl. 130 \u20ac<\/td>\n<\/tr>\n<tr>\n<td><strong>Malkurs B<\/strong><\/td>\n<td>6 x Sonntag\u00a0\u00a0\u00a0\u00a0\u00a0\u00a0\u00a0\u00a0 10 &#8211; 17 Uhr<br \/>\nBeginn: 04.10.2026<\/td>\n<td>380 \u20ac<\/p>\n<p>Anzahl. 130 \u20ac<\/td>\n<\/tr>\n<\/tbody>\n<\/table>\n<p><strong><a href=\"https:\/\/ch-eckler.de\/aquarelle\/wp-content\/uploads\/Teilnahmebedingungen-Kurse.pdf\">Teilnahmebedingungen Kurse<\/a><\/strong><\/p>\n<p>werden bei Anmeldung zugesandt<\/p>\n<p><a href=\"http:\/\/ch-eckler.de\/aquarelle\/kontakt\/\">zur Anmeldung<\/a><\/p>\n<p>&nbsp;<\/p>\n<figure id=\"attachment_509\" aria-describedby=\"caption-attachment-509\" style=\"width: 472px\" class=\"wp-caption alignright\"><img loading=\"lazy\" decoding=\"async\" class=\"wp-image-509\" title=\"Malkurse_Muenchen\" src=\"http:\/\/ch-eckler.de\/aquarelle\/wp-content\/uploads\/Kurse\/Malkurse_Muenchen.jpg\" alt=\"\" width=\"472\" height=\"350\" srcset=\"https:\/\/ch-eckler.de\/aquarelle\/wp-content\/uploads\/Kurse\/Malkurse_Muenchen.jpg 640w, https:\/\/ch-eckler.de\/aquarelle\/wp-content\/uploads\/Kurse\/Malkurse_Muenchen-300x223.jpg 300w\" sizes=\"auto, (max-width: 472px) 85vw, 472px\" \/><figcaption id=\"caption-attachment-509\" class=\"wp-caption-text\">Malen in der Mohrvilla<\/figcaption><\/figure>\n<p><img loading=\"lazy\" decoding=\"async\" class=\"alignleft wp-image-486\" title=\"14.mohn_iv.2009\" src=\"http:\/\/ch-eckler.de\/aquarelle\/wp-content\/uploads\/Aquarellbilder\/Blumen\/14.mohn_iv.2009.jpg\" alt=\"\" width=\"261\" height=\"350\" srcset=\"https:\/\/ch-eckler.de\/aquarelle\/wp-content\/uploads\/Aquarellbilder\/Blumen\/14.mohn_iv.2009.jpg 597w, https:\/\/ch-eckler.de\/aquarelle\/wp-content\/uploads\/Aquarellbilder\/Blumen\/14.mohn_iv.2009-224x300.jpg 224w\" sizes=\"auto, (max-width: 261px) 85vw, 261px\" \/><\/p>\n","protected":false},"excerpt":{"rendered":"<p>MALKURSE IM ATELIER M\u00dcNCHEN JANUAr &#8211; AUGUST 2026 Vom Foto zum Bild &nbsp; &nbsp; &nbsp; &nbsp; Ganztages-Malkurse: Mohr-Villa, M\u00fcnchen Freimann Jeder Kurstag beginnt mit \u00dcbungen zu Farbe, Form und Pinselduktus. Die Arbeit an Motiven wird unterst\u00fctzt durch zahlreiche Beispiele. Zu Demonstrationszwecken greife ich auch immer wieder selbst zum Pinsel. Ort Mohr-Villa, Situlistr. 73-75, 80939 M\u00fcnchen &hellip; <a href=\"https:\/\/ch-eckler.de\/aquarelle\/malkurse-muenchen\/\" class=\"more-link\"><span class=\"screen-reader-text\">\u201eMalkurse M\u00fcnchen\u201c <\/span>weiterlesen<\/a><\/p>\n","protected":false},"author":2,"featured_media":509,"parent":0,"menu_order":31,"comment_status":"closed","ping_status":"closed","template":"","meta":{"ngg_post_thumbnail":0,"footnotes":""},"class_list":["post-132","page","type-page","status-publish","has-post-thumbnail","hentry"],"_links":{"self":[{"href":"https:\/\/ch-eckler.de\/aquarelle\/wp-json\/wp\/v2\/pages\/132","targetHints":{"allow":["GET"]}}],"collection":[{"href":"https:\/\/ch-eckler.de\/aquarelle\/wp-json\/wp\/v2\/pages"}],"about":[{"href":"https:\/\/ch-eckler.de\/aquarelle\/wp-json\/wp\/v2\/types\/page"}],"author":[{"embeddable":true,"href":"https:\/\/ch-eckler.de\/aquarelle\/wp-json\/wp\/v2\/users\/2"}],"replies":[{"embeddable":true,"href":"https:\/\/ch-eckler.de\/aquarelle\/wp-json\/wp\/v2\/comments?post=132"}],"version-history":[{"count":24,"href":"https:\/\/ch-eckler.de\/aquarelle\/wp-json\/wp\/v2\/pages\/132\/revisions"}],"predecessor-version":[{"id":5057,"href":"https:\/\/ch-eckler.de\/aquarelle\/wp-json\/wp\/v2\/pages\/132\/revisions\/5057"}],"wp:featuredmedia":[{"embeddable":true,"href":"https:\/\/ch-eckler.de\/aquarelle\/wp-json\/wp\/v2\/media\/509"}],"wp:attachment":[{"href":"https:\/\/ch-eckler.de\/aquarelle\/wp-json\/wp\/v2\/media?parent=132"}],"curies":[{"name":"wp","href":"https:\/\/api.w.org\/{rel}","templated":true}]}}